{"id":1189,"date":"2024-12-10T12:07:57","date_gmt":"2024-12-10T10:07:57","guid":{"rendered":"https:\/\/kielinivel.tnk.fi\/?page_id=1189"},"modified":"2025-01-09T14:17:25","modified_gmt":"2025-01-09T12:17:25","slug":"si-ta-mesojme-gjuhen-dhe-letersine-finlandeze-dhe-gjuhen-finlandeze-s2-2","status":"publish","type":"page","link":"https:\/\/kielinivel.tnk.fi\/?page_id=1189","title":{"rendered":"Si ta m\u00ebsojm\u00eb gjuh\u00ebn dhe letersin\u00eb finlandeze dhe gjuh\u00ebn finlandeze-S2 (2)"},"content":{"rendered":"\n<figure class=\"wp-block-audio\"><audio controls src=\"https:\/\/kielinivel.tnk.fi\/wp-content\/uploads\/2025\/01\/Suomen-kieli_Albania_2.mp3\"><\/audio><\/figure>\n\n\n\n<p>Gjuha finlandeze -2- p\u00ebrq\u00ebndrohet n\u00eb t\u00eb m\u00ebsuarit e fjalorit t\u00eb p\u00ebrgjithsh\u00ebm, struktur\u00ebn gjuh\u00ebsore pastaj shkrim-leximin etj. Gjat\u00eb or\u00ebs m\u00ebsimore ipen edhe njohuri t\u00eb p\u00ebrgjithshme rreth gjuh\u00ebs finlandeze, let\u00ebrsis\u00eb dhe mediave. N\u00eb k\u00ebto or\u00eb m\u00ebsimore ushtrohen edhe vetshprehja, dhe t\u00eb t\u00eb shprehurit n\u00eb m\u00ebnyr\u00eb t\u00eb guximshme, sepse qdo nx\u00ebn\u00ebs ka t\u00eb drejt\u00eb t\u00eb shprehet n\u00eb m\u00ebnyr\u00eb t\u00eb lir\u00eb brenda shoq\u00ebris\u00eb.<\/p>\n\n\n\n<p><\/p>\n\n\n\n<p><\/p>\n\n\n\n<div class=\"wp-block-buttons is-layout-flex wp-block-buttons-is-layout-flex\">\n<div class=\"wp-block-button\"><a class=\"wp-block-button__link wp-element-button\" href=\"https:\/\/kielinivel.tnk.fi\/?page_id=241\"><strong>\u276e\u276e&nbsp;TAKAISIN TEKSTIIN<\/strong><\/a><\/div>\n<\/div>\n\n\n\n<p><\/p>\n","protected":false},"excerpt":{"rendered":"<p>Gjuha finlandeze -2- p\u00ebrq\u00ebndrohet n\u00eb t\u00eb m\u00ebsuarit e fjalorit t\u00eb p\u00ebrgjithsh\u00ebm, struktur\u00ebn gjuh\u00ebsore pastaj shkrim-leximin etj. Gjat\u00eb or\u00ebs m\u00ebsimore ipen edhe njohuri t\u00eb p\u00ebrgjithshme rreth gjuh\u00ebs finlandeze, let\u00ebrsis\u00eb dhe mediave. N\u00eb k\u00ebto or\u00eb m\u00ebsimore ushtrohen edhe vetshprehja, dhe t\u00eb t\u00eb shprehurit n\u00eb m\u00ebnyr\u00eb t\u00eb guximshme, sepse qdo nx\u00ebn\u00ebs ka t\u00eb drejt\u00eb t\u00eb shprehet n\u00eb m\u00ebnyr\u00eb [&hellip;]<\/p>\n","protected":false},"author":2,"featured_media":0,"parent":241,"menu_order":0,"comment_status":"closed","ping_status":"closed","template":"","meta":{"footnotes":""},"class_list":["post-1189","page","type-page","status-publish","hentry"],"_links":{"self":[{"href":"https:\/\/kielinivel.tnk.fi\/index.php?rest_route=\/wp\/v2\/pages\/1189","targetHints":{"allow":["GET"]}}],"collection":[{"href":"https:\/\/kielinivel.tnk.fi\/index.php?rest_route=\/wp\/v2\/pages"}],"about":[{"href":"https:\/\/kielinivel.tnk.fi\/index.php?rest_route=\/wp\/v2\/types\/page"}],"author":[{"embeddable":true,"href":"https:\/\/kielinivel.tnk.fi\/index.php?rest_route=\/wp\/v2\/users\/2"}],"replies":[{"embeddable":true,"href":"https:\/\/kielinivel.tnk.fi\/index.php?rest_route=%2Fwp%2Fv2%2Fcomments&post=1189"}],"version-history":[{"count":3,"href":"https:\/\/kielinivel.tnk.fi\/index.php?rest_route=\/wp\/v2\/pages\/1189\/revisions"}],"predecessor-version":[{"id":2758,"href":"https:\/\/kielinivel.tnk.fi\/index.php?rest_route=\/wp\/v2\/pages\/1189\/revisions\/2758"}],"up":[{"embeddable":true,"href":"https:\/\/kielinivel.tnk.fi\/index.php?rest_route=\/wp\/v2\/pages\/241"}],"wp:attachment":[{"href":"https:\/\/kielinivel.tnk.fi\/index.php?rest_route=%2Fwp%2Fv2%2Fmedia&parent=1189"}],"curies":[{"name":"wp","href":"https:\/\/api.w.org\/{rel}","templated":true}]}}