{"id":944,"date":"2024-12-09T12:28:15","date_gmt":"2024-12-09T10:28:15","guid":{"rendered":"https:\/\/kielinivel.tnk.fi\/?page_id=944"},"modified":"2025-01-09T22:37:16","modified_gmt":"2025-01-09T20:37:16","slug":"si-ti-studiojme-mesojme-tekstet-historike-2","status":"publish","type":"page","link":"https:\/\/kielinivel.tnk.fi\/?page_id=944","title":{"rendered":"Si ti studiojm\u00eb &#8211; m\u00ebsojm\u00eb tekstet\u00a0 historike? (2)"},"content":{"rendered":"\n<figure class=\"wp-block-audio\"><audio controls src=\"https:\/\/kielinivel.tnk.fi\/wp-content\/uploads\/2025\/01\/HIstoria_Albania_2.mp3\"><\/audio><\/figure>\n\n\n\n<p><strong>Titulli<\/strong> mund\u00eb t\u00eb tregoj\u00eb ndodhin\u00eb, n\u00eb koh\u00eb apo periudh\u00eb t\u00eb caktuar p\u00ebr t\u00eb cil\u00ebn flitet.<\/p>\n\n\n\n<p><strong>N\u00ebntitujt <\/strong>mund ti p\u00ebrcaktojn\u00eb dhe tregojn\u00eb aspektet kryesore t\u00eb kapitullit p\u00ebr t\u00eb cil\u00ebn flitet n\u00eb p\u00ebrgjith\u00ebsi. Mendo, \u00e7far\u00eb dini tanim\u00eb&nbsp; rreth k\u00ebsaj \u00e7\u00ebshtje. <\/p>\n\n\n\n<p>Koncepti kryesor\u00eb i tem\u00ebs m\u00ebsimore p\u00ebrs\u00ebritet zakonisht&nbsp; dhe \u00e7\u00ebshtjet me r\u00ebnd\u00ebsi p\u00ebrkufizohen apo shpjegohen. <strong>Studjo fotografit\u00eb<\/strong> dhe <strong>ato t\u00eb bashkangjitura<\/strong> me tekstin p\u00ebr \u00e7far\u00eb flitet aty?<\/p>\n\n\n\n<p><\/p>\n\n\n\n<p><\/p>\n\n\n\n<div class=\"wp-block-buttons is-layout-flex wp-block-buttons-is-layout-flex\">\n<div class=\"wp-block-button\"><a class=\"wp-block-button__link wp-element-button\" href=\"https:\/\/kielinivel.tnk.fi\/?page_id=74\"><strong>\u276e\u276e&nbsp;TAKAISIN TEKSTIIN<\/strong><\/a><\/div>\n<\/div>\n\n\n\n<p><\/p>\n","protected":false},"excerpt":{"rendered":"<p>Titulli mund\u00eb t\u00eb tregoj\u00eb ndodhin\u00eb, n\u00eb koh\u00eb apo periudh\u00eb t\u00eb caktuar p\u00ebr t\u00eb cil\u00ebn flitet. N\u00ebntitujt mund ti p\u00ebrcaktojn\u00eb dhe tregojn\u00eb aspektet kryesore t\u00eb kapitullit p\u00ebr t\u00eb cil\u00ebn flitet n\u00eb p\u00ebrgjith\u00ebsi. Mendo, \u00e7far\u00eb dini tanim\u00eb&nbsp; rreth k\u00ebsaj \u00e7\u00ebshtje. Koncepti kryesor\u00eb i tem\u00ebs m\u00ebsimore p\u00ebrs\u00ebritet zakonisht&nbsp; dhe \u00e7\u00ebshtjet me r\u00ebnd\u00ebsi p\u00ebrkufizohen apo shpjegohen. Studjo fotografit\u00eb dhe [&hellip;]<\/p>\n","protected":false},"author":2,"featured_media":0,"parent":74,"menu_order":2,"comment_status":"closed","ping_status":"closed","template":"","meta":{"footnotes":""},"class_list":["post-944","page","type-page","status-publish","hentry"],"_links":{"self":[{"href":"https:\/\/kielinivel.tnk.fi\/index.php?rest_route=\/wp\/v2\/pages\/944","targetHints":{"allow":["GET"]}}],"collection":[{"href":"https:\/\/kielinivel.tnk.fi\/index.php?rest_route=\/wp\/v2\/pages"}],"about":[{"href":"https:\/\/kielinivel.tnk.fi\/index.php?rest_route=\/wp\/v2\/types\/page"}],"author":[{"embeddable":true,"href":"https:\/\/kielinivel.tnk.fi\/index.php?rest_route=\/wp\/v2\/users\/2"}],"replies":[{"embeddable":true,"href":"https:\/\/kielinivel.tnk.fi\/index.php?rest_route=%2Fwp%2Fv2%2Fcomments&post=944"}],"version-history":[{"count":3,"href":"https:\/\/kielinivel.tnk.fi\/index.php?rest_route=\/wp\/v2\/pages\/944\/revisions"}],"predecessor-version":[{"id":2668,"href":"https:\/\/kielinivel.tnk.fi\/index.php?rest_route=\/wp\/v2\/pages\/944\/revisions\/2668"}],"up":[{"embeddable":true,"href":"https:\/\/kielinivel.tnk.fi\/index.php?rest_route=\/wp\/v2\/pages\/74"}],"wp:attachment":[{"href":"https:\/\/kielinivel.tnk.fi\/index.php?rest_route=%2Fwp%2Fv2%2Fmedia&parent=944"}],"curies":[{"name":"wp","href":"https:\/\/api.w.org\/{rel}","templated":true}]}}